{"id":2628,"date":"2026-03-17T10:05:13","date_gmt":"2026-03-17T09:05:13","guid":{"rendered":"https:\/\/www.music-match.biz\/?post_type=programm&#038;p=2628"},"modified":"2026-04-02T11:46:09","modified_gmt":"2026-04-02T09:46:09","slug":"soziale-gerechtigkeit-in-der-musikbranche-wie-tragfaehig-sind-unsere-strukturen-wirklich","status":"publish","type":"programm","link":"https:\/\/www.music-match.biz\/en\/programm\/soziale-gerechtigkeit-in-der-musikbranche-wie-tragfaehig-sind-unsere-strukturen-wirklich\/","title":{"rendered":"Soziale Gerechtigkeit in der Musikbranche \u2013 wie tragf\u00e4hig sind unsere Strukturen wirklich?"},"content":{"rendered":"<p>Wie sieht der Arbeitsalltag von Musikschaffenden aus \u2013 und unter welchen Bedingungen l\u00e4sst sich langfristig im Musikbetrieb arbeiten? Dieses Panel bringt Musikschaffende unterschiedlicher Hintergr\u00fcnde zusammen und l\u00e4dt dazu ein, pers\u00f6nliche Einblicke in ihre Arbeitsrealit\u00e4ten zu teilen. Im Mittelpunkt stehen Fragen nach Zeit, Mobilit\u00e4t, Planungssicherheit, Verantwortung und den Rahmenbedingungen, unter denen musikalische Karrieren entstehen und bestehen k\u00f6nnen. Dabei geht es nicht darum, ein einheitliches Bild zu zeichnen oder ausschlie\u00dflich \u00fcber Schwierigkeiten zu sprechen. Vielmehr sollen unterschiedliche Wege, Erfahrungen und Perspektiven sichtbar werden und gemeinsam reflektiert werden, wie tragf\u00e4hig und offen die Strukturen der Branche heute sind. Neben kurzen Impulsen aus der Praxis wird Raum f\u00fcr den Austausch mit dem Publikum geschaffen. Ein Gespr\u00e4ch f\u00fcr alle, die sich daf\u00fcr interessieren, wie Musikarbeit heute gestaltet wird und wie sie auch in Zukunft m\u00f6glich bleiben kann.<\/p>\n\n\n\n<h3 class=\"wp-block-heading\">Hier kostenlos f\u00fcr die Konferenz anmelden: <a href=\"https:\/\/tally.so\/r\/lbN62V\">https:\/\/tally.so\/r\/lbN62V<\/a><\/h3>\n\n\n\n<div class=\"wp-block-columns is-layout-flex wp-container-core-columns-is-layout-28f84493 wp-block-columns-is-layout-flex\">\n<div class=\"wp-block-column is-vertically-aligned-center is-layout-flow wp-block-column-is-layout-flow\">\n<figure class=\"wp-block-image size-full\"><img fetchpriority=\"high\" decoding=\"async\" width=\"18342\" height=\"4054\" src=\"https:\/\/www.music-match.biz\/wp-content\/uploads\/2026\/03\/logo-landesverband-schwarz.png\" alt=\"\" class=\"wp-image-2660\" style=\"aspect-ratio:4.524460389871915\"\/><\/figure>\n<\/div>\n\n\n\n<div class=\"wp-block-column is-layout-flow wp-block-column-is-layout-flow\">\n<figure class=\"wp-block-image aligncenter size-full is-resized\"><img decoding=\"async\" width=\"600\" height=\"600\" src=\"https:\/\/www.music-match.biz\/wp-content\/uploads\/2025\/03\/wgd_quadrat.jpg\" alt=\"\" class=\"wp-image-2393\" style=\"width:177px;height:auto\" srcset=\"https:\/\/www.music-match.biz\/wp-content\/uploads\/2025\/03\/wgd_quadrat.jpg 600w, https:\/\/www.music-match.biz\/wp-content\/uploads\/2025\/03\/wgd_quadrat-300x300.jpg 300w, https:\/\/www.music-match.biz\/wp-content\/uploads\/2025\/03\/wgd_quadrat-150x150.jpg 150w, https:\/\/www.music-match.biz\/wp-content\/uploads\/2025\/03\/wgd_quadrat-12x12.jpg 12w\" sizes=\"(max-width: 600px) 100vw, 600px\" \/><\/figure>\n<\/div>\n<\/div>\n\n\n\n<figure class=\"wp-block-image size-large\"><img decoding=\"async\" width=\"1024\" height=\"188\" src=\"https:\/\/www.music-match.biz\/wp-content\/uploads\/2026\/03\/EFRE-ESF_LO_Kombination_EU-Logo_SachsenSignet-klassisch_H_RGB_300dpi-1024x188.jpg\" alt=\"\" class=\"wp-image-2662\" srcset=\"https:\/\/www.music-match.biz\/wp-content\/uploads\/2026\/03\/EFRE-ESF_LO_Kombination_EU-Logo_SachsenSignet-klassisch_H_RGB_300dpi-1024x188.jpg 1024w, https:\/\/www.music-match.biz\/wp-content\/uploads\/2026\/03\/EFRE-ESF_LO_Kombination_EU-Logo_SachsenSignet-klassisch_H_RGB_300dpi-300x55.jpg 300w, https:\/\/www.music-match.biz\/wp-content\/uploads\/2026\/03\/EFRE-ESF_LO_Kombination_EU-Logo_SachsenSignet-klassisch_H_RGB_300dpi-768x141.jpg 768w, https:\/\/www.music-match.biz\/wp-content\/uploads\/2026\/03\/EFRE-ESF_LO_Kombination_EU-Logo_SachsenSignet-klassisch_H_RGB_300dpi-1536x282.jpg 1536w, https:\/\/www.music-match.biz\/wp-content\/uploads\/2026\/03\/EFRE-ESF_LO_Kombination_EU-Logo_SachsenSignet-klassisch_H_RGB_300dpi-18x3.jpg 18w, https:\/\/www.music-match.biz\/wp-content\/uploads\/2026\/03\/EFRE-ESF_LO_Kombination_EU-Logo_SachsenSignet-klassisch_H_RGB_300dpi.jpg 1920w\" sizes=\"(max-width: 1024px) 100vw, 1024px\" \/><\/figure>\n\n\n\n<p><\/p>","protected":false},"featured_media":2629,"template":"","jahr":[79],"ort":[74],"sprache":[10],"kategorie":[61],"class_list":["post-2628","programm","type-programm","status-publish","has-post-thumbnail","hentry","jahr-79","ort-chemiefabrik-barraum","sprache-deutsch","kategorie-talk"],"yoast_head":"<!-- This site is optimized with the Yoast SEO plugin v26.7 - https:\/\/yoast.com\/wordpress\/plugins\/seo\/ -->\n<title>Soziale Gerechtigkeit in der Musikbranche \u2013 wie tragf\u00e4hig sind unsere Strukturen wirklich? - MusicMatch 2026 | Festival &amp; Konferenz<\/title>\n<meta name=\"robots\" content=\"index, follow, max-snippet:-1, max-image-preview:large, max-video-preview:-1\" \/>\n<link rel=\"canonical\" href=\"https:\/\/www.music-match.biz\/en\/programm\/soziale-gerechtigkeit-in-der-musikbranche-wie-tragfaehig-sind-unsere-strukturen-wirklich\/\" \/>\n<meta property=\"og:locale\" content=\"en_GB\" \/>\n<meta property=\"og:type\" content=\"article\" \/>\n<meta property=\"og:title\" content=\"Soziale Gerechtigkeit in der Musikbranche \u2013 wie tragf\u00e4hig sind unsere Strukturen wirklich? - MusicMatch 2026 | Festival &amp; Konferenz\" \/>\n<meta property=\"og:description\" content=\"Wie sieht der Arbeitsalltag von Musikschaffenden aus \u2013 und unter welchen Bedingungen l\u00e4sst sich langfristig im Musikbetrieb arbeiten? Dieses Panel bringt Musikschaffende unterschiedlicher Hintergr\u00fcnde zusammen und l\u00e4dt dazu ein, pers\u00f6nliche Einblicke in ihre Arbeitsrealit\u00e4ten zu teilen. Im Mittelpunkt stehen Fragen nach Zeit, Mobilit\u00e4t, Planungssicherheit, Verantwortung und den Rahmenbedingungen, unter denen musikalische Karrieren entstehen und bestehen [&hellip;]\" \/>\n<meta property=\"og:url\" content=\"https:\/\/www.music-match.biz\/en\/programm\/soziale-gerechtigkeit-in-der-musikbranche-wie-tragfaehig-sind-unsere-strukturen-wirklich\/\" \/>\n<meta property=\"og:site_name\" content=\"MusicMatch 2026 | Festival &amp; Konferenz\" \/>\n<meta property=\"article:modified_time\" content=\"2026-04-02T09:46:09+00:00\" \/>\n<meta property=\"og:image\" content=\"https:\/\/www.music-match.biz\/wp-content\/uploads\/2026\/03\/Soziale-Gerechtigkeit-Panel-\u00a9Robby-Klee.jpg\" \/>\n\t<meta property=\"og:image:width\" content=\"1920\" \/>\n\t<meta property=\"og:image:height\" content=\"1080\" \/>\n\t<meta property=\"og:image:type\" content=\"image\/jpeg\" \/>\n<meta name=\"twitter:card\" content=\"summary_large_image\" \/>\n<meta name=\"twitter:label1\" content=\"Estimated reading time\" \/>\n\t<meta name=\"twitter:data1\" content=\"2 minutes\" \/>\n<script type=\"application\/ld+json\" class=\"yoast-schema-graph\">{\"@context\":\"https:\/\/schema.org\",\"@graph\":[{\"@type\":\"WebPage\",\"@id\":\"https:\/\/www.music-match.biz\/programm\/soziale-gerechtigkeit-in-der-musikbranche-wie-tragfaehig-sind-unsere-strukturen-wirklich\/\",\"url\":\"https:\/\/www.music-match.biz\/programm\/soziale-gerechtigkeit-in-der-musikbranche-wie-tragfaehig-sind-unsere-strukturen-wirklich\/\",\"name\":\"Soziale Gerechtigkeit in der Musikbranche \u2013 wie tragf\u00e4hig sind unsere Strukturen wirklich? - MusicMatch 2026 | Festival &amp; Konferenz\",\"isPartOf\":{\"@id\":\"https:\/\/www.music-match.biz\/#website\"},\"primaryImageOfPage\":{\"@id\":\"https:\/\/www.music-match.biz\/programm\/soziale-gerechtigkeit-in-der-musikbranche-wie-tragfaehig-sind-unsere-strukturen-wirklich\/#primaryimage\"},\"image\":{\"@id\":\"https:\/\/www.music-match.biz\/programm\/soziale-gerechtigkeit-in-der-musikbranche-wie-tragfaehig-sind-unsere-strukturen-wirklich\/#primaryimage\"},\"thumbnailUrl\":\"https:\/\/www.music-match.biz\/wp-content\/uploads\/2026\/03\/Soziale-Gerechtigkeit-Panel-\u00a9Robby-Klee.jpg\",\"datePublished\":\"2026-03-17T09:05:13+00:00\",\"dateModified\":\"2026-04-02T09:46:09+00:00\",\"breadcrumb\":{\"@id\":\"https:\/\/www.music-match.biz\/programm\/soziale-gerechtigkeit-in-der-musikbranche-wie-tragfaehig-sind-unsere-strukturen-wirklich\/#breadcrumb\"},\"inLanguage\":\"en-GB\",\"potentialAction\":[{\"@type\":\"ReadAction\",\"target\":[\"https:\/\/www.music-match.biz\/programm\/soziale-gerechtigkeit-in-der-musikbranche-wie-tragfaehig-sind-unsere-strukturen-wirklich\/\"]}]},{\"@type\":\"ImageObject\",\"inLanguage\":\"en-GB\",\"@id\":\"https:\/\/www.music-match.biz\/programm\/soziale-gerechtigkeit-in-der-musikbranche-wie-tragfaehig-sind-unsere-strukturen-wirklich\/#primaryimage\",\"url\":\"https:\/\/www.music-match.biz\/wp-content\/uploads\/2026\/03\/Soziale-Gerechtigkeit-Panel-\u00a9Robby-Klee.jpg\",\"contentUrl\":\"https:\/\/www.music-match.biz\/wp-content\/uploads\/2026\/03\/Soziale-Gerechtigkeit-Panel-\u00a9Robby-Klee.jpg\",\"width\":1920,\"height\":1080,\"caption\":\"R\u00fcckansicht von zwei Personen mit langen und kurzen Haaren bei einem Talk mit unscharfem Hintergrund\"},{\"@type\":\"BreadcrumbList\",\"@id\":\"https:\/\/www.music-match.biz\/programm\/soziale-gerechtigkeit-in-der-musikbranche-wie-tragfaehig-sind-unsere-strukturen-wirklich\/#breadcrumb\",\"itemListElement\":[{\"@type\":\"ListItem\",\"position\":1,\"name\":\"Startseite\",\"item\":\"https:\/\/www.music-match.biz\/\"},{\"@type\":\"ListItem\",\"position\":2,\"name\":\"Programm\",\"item\":\"https:\/\/www.music-match.biz\/programm\/\"},{\"@type\":\"ListItem\",\"position\":3,\"name\":\"Soziale Gerechtigkeit in der Musikbranche \u2013 wie tragf\u00e4hig sind unsere Strukturen wirklich?\"}]},{\"@type\":\"WebSite\",\"@id\":\"https:\/\/www.music-match.biz\/#website\",\"url\":\"https:\/\/www.music-match.biz\/\",\"name\":\"MusicMatch 2026 | Festival &amp; Konferenz\",\"description\":\"Music for a New Society.\",\"potentialAction\":[{\"@type\":\"SearchAction\",\"target\":{\"@type\":\"EntryPoint\",\"urlTemplate\":\"https:\/\/www.music-match.biz\/?s={search_term_string}\"},\"query-input\":{\"@type\":\"PropertyValueSpecification\",\"valueRequired\":true,\"valueName\":\"search_term_string\"}}],\"inLanguage\":\"en-GB\"}]}<\/script>\n<!-- \/ Yoast SEO plugin. -->","yoast_head_json":{"title":"Soziale Gerechtigkeit in der Musikbranche \u2013 wie tragf\u00e4hig sind unsere Strukturen wirklich? - MusicMatch 2026 | Festival &amp; Konferenz","robots":{"index":"index","follow":"follow","max-snippet":"max-snippet:-1","max-image-preview":"max-image-preview:large","max-video-preview":"max-video-preview:-1"},"canonical":"https:\/\/www.music-match.biz\/en\/programm\/soziale-gerechtigkeit-in-der-musikbranche-wie-tragfaehig-sind-unsere-strukturen-wirklich\/","og_locale":"en_GB","og_type":"article","og_title":"Soziale Gerechtigkeit in der Musikbranche \u2013 wie tragf\u00e4hig sind unsere Strukturen wirklich? - MusicMatch 2026 | Festival &amp; Konferenz","og_description":"Wie sieht der Arbeitsalltag von Musikschaffenden aus \u2013 und unter welchen Bedingungen l\u00e4sst sich langfristig im Musikbetrieb arbeiten? Dieses Panel bringt Musikschaffende unterschiedlicher Hintergr\u00fcnde zusammen und l\u00e4dt dazu ein, pers\u00f6nliche Einblicke in ihre Arbeitsrealit\u00e4ten zu teilen. Im Mittelpunkt stehen Fragen nach Zeit, Mobilit\u00e4t, Planungssicherheit, Verantwortung und den Rahmenbedingungen, unter denen musikalische Karrieren entstehen und bestehen [&hellip;]","og_url":"https:\/\/www.music-match.biz\/en\/programm\/soziale-gerechtigkeit-in-der-musikbranche-wie-tragfaehig-sind-unsere-strukturen-wirklich\/","og_site_name":"MusicMatch 2026 | Festival &amp; Konferenz","article_modified_time":"2026-04-02T09:46:09+00:00","og_image":[{"width":1920,"height":1080,"url":"https:\/\/www.music-match.biz\/wp-content\/uploads\/2026\/03\/Soziale-Gerechtigkeit-Panel-\u00a9Robby-Klee.jpg","type":"image\/jpeg"}],"twitter_card":"summary_large_image","twitter_misc":{"Estimated reading time":"2 minutes"},"schema":{"@context":"https:\/\/schema.org","@graph":[{"@type":"WebPage","@id":"https:\/\/www.music-match.biz\/programm\/soziale-gerechtigkeit-in-der-musikbranche-wie-tragfaehig-sind-unsere-strukturen-wirklich\/","url":"https:\/\/www.music-match.biz\/programm\/soziale-gerechtigkeit-in-der-musikbranche-wie-tragfaehig-sind-unsere-strukturen-wirklich\/","name":"Soziale Gerechtigkeit in der Musikbranche \u2013 wie tragf\u00e4hig sind unsere Strukturen wirklich? - MusicMatch 2026 | Festival &amp; Konferenz","isPartOf":{"@id":"https:\/\/www.music-match.biz\/#website"},"primaryImageOfPage":{"@id":"https:\/\/www.music-match.biz\/programm\/soziale-gerechtigkeit-in-der-musikbranche-wie-tragfaehig-sind-unsere-strukturen-wirklich\/#primaryimage"},"image":{"@id":"https:\/\/www.music-match.biz\/programm\/soziale-gerechtigkeit-in-der-musikbranche-wie-tragfaehig-sind-unsere-strukturen-wirklich\/#primaryimage"},"thumbnailUrl":"https:\/\/www.music-match.biz\/wp-content\/uploads\/2026\/03\/Soziale-Gerechtigkeit-Panel-\u00a9Robby-Klee.jpg","datePublished":"2026-03-17T09:05:13+00:00","dateModified":"2026-04-02T09:46:09+00:00","breadcrumb":{"@id":"https:\/\/www.music-match.biz\/programm\/soziale-gerechtigkeit-in-der-musikbranche-wie-tragfaehig-sind-unsere-strukturen-wirklich\/#breadcrumb"},"inLanguage":"en-GB","potentialAction":[{"@type":"ReadAction","target":["https:\/\/www.music-match.biz\/programm\/soziale-gerechtigkeit-in-der-musikbranche-wie-tragfaehig-sind-unsere-strukturen-wirklich\/"]}]},{"@type":"ImageObject","inLanguage":"en-GB","@id":"https:\/\/www.music-match.biz\/programm\/soziale-gerechtigkeit-in-der-musikbranche-wie-tragfaehig-sind-unsere-strukturen-wirklich\/#primaryimage","url":"https:\/\/www.music-match.biz\/wp-content\/uploads\/2026\/03\/Soziale-Gerechtigkeit-Panel-\u00a9Robby-Klee.jpg","contentUrl":"https:\/\/www.music-match.biz\/wp-content\/uploads\/2026\/03\/Soziale-Gerechtigkeit-Panel-\u00a9Robby-Klee.jpg","width":1920,"height":1080,"caption":"R\u00fcckansicht von zwei Personen mit langen und kurzen Haaren bei einem Talk mit unscharfem Hintergrund"},{"@type":"BreadcrumbList","@id":"https:\/\/www.music-match.biz\/programm\/soziale-gerechtigkeit-in-der-musikbranche-wie-tragfaehig-sind-unsere-strukturen-wirklich\/#breadcrumb","itemListElement":[{"@type":"ListItem","position":1,"name":"Startseite","item":"https:\/\/www.music-match.biz\/"},{"@type":"ListItem","position":2,"name":"Programm","item":"https:\/\/www.music-match.biz\/programm\/"},{"@type":"ListItem","position":3,"name":"Soziale Gerechtigkeit in der Musikbranche \u2013 wie tragf\u00e4hig sind unsere Strukturen wirklich?"}]},{"@type":"WebSite","@id":"https:\/\/www.music-match.biz\/#website","url":"https:\/\/www.music-match.biz\/","name":"MusicMatch 2026 | Festival &amp; Konferenz","description":"Music for a New Society.","potentialAction":[{"@type":"SearchAction","target":{"@type":"EntryPoint","urlTemplate":"https:\/\/www.music-match.biz\/?s={search_term_string}"},"query-input":{"@type":"PropertyValueSpecification","valueRequired":true,"valueName":"search_term_string"}}],"inLanguage":"en-GB"}]}},"_links":{"self":[{"href":"https:\/\/www.music-match.biz\/en\/wp-json\/wp\/v2\/programm\/2628","targetHints":{"allow":["GET"]}}],"collection":[{"href":"https:\/\/www.music-match.biz\/en\/wp-json\/wp\/v2\/programm"}],"about":[{"href":"https:\/\/www.music-match.biz\/en\/wp-json\/wp\/v2\/types\/programm"}],"wp:featuredmedia":[{"embeddable":true,"href":"https:\/\/www.music-match.biz\/en\/wp-json\/wp\/v2\/media\/2629"}],"wp:attachment":[{"href":"https:\/\/www.music-match.biz\/en\/wp-json\/wp\/v2\/media?parent=2628"}],"wp:term":[{"taxonomy":"jahr","embeddable":true,"href":"https:\/\/www.music-match.biz\/en\/wp-json\/wp\/v2\/jahr?post=2628"},{"taxonomy":"ort","embeddable":true,"href":"https:\/\/www.music-match.biz\/en\/wp-json\/wp\/v2\/ort?post=2628"},{"taxonomy":"sprache","embeddable":true,"href":"https:\/\/www.music-match.biz\/en\/wp-json\/wp\/v2\/sprache?post=2628"},{"taxonomy":"kategorie","embeddable":true,"href":"https:\/\/www.music-match.biz\/en\/wp-json\/wp\/v2\/kategorie?post=2628"}],"curies":[{"name":"wp","href":"https:\/\/api.w.org\/{rel}","templated":true}]}}